{"id":1603,"date":"2017-02-16T15:19:26","date_gmt":"2017-02-16T13:19:26","guid":{"rendered":"http:\/\/www.liceuldeartams.ro\/metodologie_arteplastice_ix\/"},"modified":"2024-03-13T09:33:18","modified_gmt":"2024-03-13T07:33:18","slug":"metodologie_arteplastice_ix-2","status":"publish","type":"page","link":"https:\/\/www.liceuldeartams.ro\/hu\/metodologie_arteplastice_ix-2\/","title":{"rendered":"Metodologie arte plastice clasa a IX-a"},"content":{"rendered":"<h4><b><u>DATA: 07.03.2024\u00a0<\/u><\/h4>\n<p><!--\n\n<h5><b><a href=\"http:\/\/www.liceuldeartams.ro\/wp-content\/uploads\/2022\/10\/Calendarul_adm_inv_lic_2023_2024.pdf\"> Calendarul admiterii \u00een \u00eenv\u0103\u021b\u0103m\u00e2ntul liceal pentru anul \u0219colar 2023-2024<\/a><\/b>--><\/p>\n<h5><b><a href=\"http:\/\/www.liceuldeartams.ro\/wp-content\/uploads\/2024\/03\/Ordin-admitere-liceu-2024-plus-anexe.pdf\">ORDIN privind organizarea \u0219i desf\u0103\u0219urarea admiterii \u00een \u00eenv\u0103\u021b\u0103m\u00e2ntul liceal pentru anul \u0219colar 2024-2025<\/a><\/b><\/p>\n<hr \/>\n<h5><b><a href=\"http:\/\/www.liceuldeartams.ro\/wp-content\/uploads\/2024\/03\/PREGATIRI_AP_ARH_9_2024.pdf\">PREG\u0102TIRI PENTRU PROBELE DE APTITUDINI LA SPECIALIZAREA ARTE PLASTICE SI ARHITECTUR\u0102 &#8211; ADMITERE IN CLASA A IX-A &#8211; 2024-2025<\/a><\/b><\/h5>\n<hr \/>\n<h5><b><a href=\"http:\/\/www.liceuldeartams.ro\/wp-content\/uploads\/2024\/03\/PROBE_DE_APTITUDINI_AP_ARH_IX_RO_2024-2025.pdf\">DESF\u0102\u0218URAREA PROBELOR DE APTITUDINI- specializarea ARTE PLASTICE \u0218I ARHITECTUR\u0102 PENTRU ADMITEREA \u00ceN CLASA A IX-A LA LICEUL VOCA\u021aIONAL DE ART\u0102- SEC\u021aIA ROM\u00c2N\u0102 \u0218I MAGHIAR\u0102<\/a><\/b><\/h5>\n<h5><b><a href=\"http:\/\/www.liceuldeartams.ro\/wp-content\/uploads\/2024\/03\/PROBE_DE_APTITUDINI_AP_ARH_IX_MA_2024-2025.pdf\"> A k\u00e9szs\u00e9gfelm\u00e9r\u0151 vizsg\u00e1k id\u0151pontja a M\u0171v\u00e9szeti Szakl\u00edceum K\u00c9PZ\u0150M\u0170V\u00c9SZET \u00e9s M\u0170\u00c9P\u00cdT\u00c9SZET szak\u00e1ra IX. oszt\u00e1lyba felv\u00e9teliz\u0151k sz\u00e1m\u00e1ra &#8211; magyar \u00e9s rom\u00e1n tagozatra <\/a><\/b><\/h5>\n<hr>\n<h5><b><u>DATA: 13.03.2023\u00a0<\/u><\/h5>\n<h5><b><a href=\"http:\/\/www.liceuldeartams.ro\/wp-content\/uploads\/2023\/03\/PROBE_DE_APTITUDINI_AP_ARH_2023_2024_RO.pdf\">DESF\u0102\u0218URAREA PROBELOR DE APTITUDINI- specializarea ARTE PLASTICE \u0218I ARHITECTUR\u0102 PENTRU ADMITEREA \u00ceN CLASA A IX-A LA LICEUL VOCA\u021aIONAL DE ART\u0102- SEC\u021aIA ROM\u00c2N\u0102 \u0218I MAGHIAR\u0102<\/a><\/b><\/h5>\n<h5><b><a href=\"http:\/\/www.liceuldeartams.ro\/wp-content\/uploads\/2023\/03\/PROBE_DE_APTITUDINI_AP_ARH_IX_MA_2023_2024.pdf\"> A k\u00e9szs\u00e9gfelm\u00e9r\u0151 vizsg\u00e1k id\u0151pontja a M\u0171v\u00e9szeti Szakl\u00edceum K\u00c9PZ\u0150M\u0170V\u00c9SZET \u00e9s M\u0170\u00c9P\u00cdT\u00c9SZET szak\u00e1ra IX. oszt\u00e1lyba felv\u00e9teliz\u0151k sz\u00e1m\u00e1ra &#8211; magyar \u00e9s rom\u00e1n tagozatra <\/a><\/b><\/h5>\n<hr>\n<h5><b><u>CALENDAR PROBE DE APTITUDINI ADMITERE \u00ceN CLASA A IX-A &#8211; 2022-2023<\/u><\/b><\/h5>\n<hr \/>\n<h5><b><a href=\"http:\/\/www.liceuldeartams.ro\/wp-content\/uploads\/2023\/02\/Grafic__Pregatiri.pdf\"> <img decoding=\"async\" src=\"http:\/\/www.liceuldeartams.ro\/wp-content\/uploads\/2023\/02\/Grafic__Pregatiri.jpg\" \" alt=\"\"><\/p>\n<h5><b><a href=\"http:\/\/www.liceuldeartams.ro\/wp-content\/uploads\/2023\/02\/Felkeszito__Program.pdf\"> <img decoding=\"async\" src=\"http:\/\/www.liceuldeartams.ro\/wp-content\/uploads\/2023\/02\/Felkeszito__Program.jpg\" alt=\"\"><\/a><\/b><\/p>\n<hr \/>\n<hr \/>\n<h4><b><u>DATA: 17.05.2022<\/u><\/b><\/h4>\n<h5><b><a href=\"http:\/\/www.liceuldeartams.ro\/wp-content\/uploads\/2022\/05\/examen_diferenta_IUNIE_2022.pdf\">EXAMEN DE DIFERENTA 2022<\/a><\/b><\/h5>\n<h5><b><a href=\"http:\/\/www.liceuldeartams.ro\/wp-content\/uploads\/2022\/05\/PROGRAM_ADMITERE_2022__XI_V.pdf\">PROCEDURA DE DESF\u0102\u015eURARE A PROBELOR DE APTITUDINI PENTRU ADMITEREA \u00ceN CLASA A V-A SI CLASA A IX-A 2022<\/a><\/b><\/h5>\n<hr \/>\n<h4><b><u>DATA: 17.05.2022<\/u><\/b><\/h4>\n<h5><b><a href=\"http:\/\/www.liceuldeartams.ro\/wp-content\/uploads\/2022\/05\/examen_diferenta_IUNIE_2022.pdf\">EXAMEN DE DIFERENTA 2022<\/a><\/b><\/h5>\n<h5><b><a href=\"http:\/\/www.liceuldeartams.ro\/wp-content\/uploads\/2022\/05\/PROGRAM_ADMITERE_2022_XI_V.pdf\">PROCEDURA DE DESF\u0102\u015eURARE A PROBELOR DE APTITUDINI PENTRU ADMITEREA \u00ceN CLASA A V-A SI CLASA A IX-A 2022<\/a><\/b><\/h5>\n<h4><b><a href=\"http:\/\/www.liceuldeartams.ro\/wp-content\/uploads\/2022\/01\/ordin_admitere_liceu_2022_2023.pdf\">Anexele nr. 1\u20145 la Ordinul ministrului educa\u021biei nr. 5.150\/2021 privind organizarea \u0219i desf\u0103\u0219urarea admiterii \u00een \u00eenv\u0103\u021b\u0103m\u00e2ntul liceal pentru anul \u0219colar 2022\u20142023<\/a><\/b><\/h4>\n<p>&nbsp;<br \/>\n<img decoding=\"async\" src=\"http:\/\/www.liceuldeartams.ro\/wp-content\/uploads\/2022\/03\/AFIS_IX_2022-2023.jpg\" alt=\"Admitere 2022-2023\" \/><\/p>\n<hr \/>\n<h4><b><u>DATA: 23.03.2022<\/u><\/b><\/h4>\n<h5><b><u>CALENDAR PROBE DE APTITUDINI ADMITERE \u00ceN CLASA A IX-A &#8211; 2022-2023<\/u><\/b><\/h5>\n<h5><b><a href=\"http:\/\/www.liceuldeartams.ro\/wp-content\/uploads\/2022\/03\/PROBE_DE_APTITUDINI_AP_ARH_IX_RO_2022-2023.pdf\">DESF\u0102\u0218URAREA PROBELOR DE APTITUDINI- specializarea ARTE PLASTICE \u0218I ARHITECTUR\u0102 PENTRU ADMITEREA \u00ceN CLASA A IX-A LA LICEUL VOCA\u021aIONAL DE ART\u0102- SEC\u021aIA ROM\u00c2N\u0102 \u0218I MAGHIAR\u0102<\/b><br \/>\n<\/a><\/p>\n<h5><b><a href=\"http:\/\/www.liceuldeartams.ro\/wp-content\/uploads\/2022\/03\/PROBE_DE_APTITUDINI_AP_ARH_IX_MA_2022-2023.pdf\"> A k\u00e9szs\u00e9gfelm\u00e9r\u0151 vizsg\u00e1k id\u0151pontja a M\u0171v\u00e9szeti Szakl\u00edceum K\u00c9PZ\u0150M\u0170V\u00c9SZET \u00e9s M\u0170\u00c9P\u00cdT\u00c9SZET szak\u00e1ra IX. oszt\u00e1lyba felv\u00e9teliz\u0151k sz\u00e1m\u00e1ra &#8211; magyar \u00e9s rom\u00e1n tagozatra <\/b><br \/>\n<\/a><\/p>\n<p><img decoding=\"async\" src=\"http:\/\/www.liceuldeartams.ro\/wp-content\/uploads\/2022\/03\/Pregatiri_Admitere_V_IX_2022-2023.jpg\" alt=\"Pregatiri Admitere 2022-2023\" \/><\/p>\n<hr \/>\n","protected":false},"excerpt":{"rendered":"<p>DATA: 07.03.2024\u00a0 ORDIN privind organizarea \u0219i desf\u0103\u0219urarea admiterii \u00een \u00eenv\u0103\u021b\u0103m\u00e2ntul liceal pentru anul \u0219colar 2024-2025 PREG\u0102TIRI PENTRU PROBELE DE APTITUDINI LA SPECIALIZAREA ARTE PLASTICE SI ARHITECTUR\u0102 &#8211; ADMITERE IN CLASA A IX-A &#8211; 2024-2025 DESF\u0102\u0218URAREA PROBELOR DE APTITUDINI- specializarea ARTE PLASTICE \u0218I ARHITECTUR\u0102 PENTRU ADMITEREA \u00ceN CLASA A IX-A LA LICEUL VOCA\u021aIONAL DE ART\u0102- SEC\u021aIA&#8230;<\/p>\n","protected":false},"author":1,"featured_media":0,"parent":0,"menu_order":0,"comment_status":"closed","ping_status":"closed","template":"","meta":{"footnotes":""},"class_list":["post-1603","page","type-page","status-publish","hentry"],"_links":{"self":[{"href":"https:\/\/www.liceuldeartams.ro\/hu\/wp-json\/wp\/v2\/pages\/1603","targetHints":{"allow":["GET"]}}],"collection":[{"href":"https:\/\/www.liceuldeartams.ro\/hu\/wp-json\/wp\/v2\/pages"}],"about":[{"href":"https:\/\/www.liceuldeartams.ro\/hu\/wp-json\/wp\/v2\/types\/page"}],"author":[{"embeddable":true,"href":"https:\/\/www.liceuldeartams.ro\/hu\/wp-json\/wp\/v2\/users\/1"}],"replies":[{"embeddable":true,"href":"https:\/\/www.liceuldeartams.ro\/hu\/wp-json\/wp\/v2\/comments?post=1603"}],"version-history":[{"count":13,"href":"https:\/\/www.liceuldeartams.ro\/hu\/wp-json\/wp\/v2\/pages\/1603\/revisions"}],"predecessor-version":[{"id":11595,"href":"https:\/\/www.liceuldeartams.ro\/hu\/wp-json\/wp\/v2\/pages\/1603\/revisions\/11595"}],"wp:attachment":[{"href":"https:\/\/www.liceuldeartams.ro\/hu\/wp-json\/wp\/v2\/media?parent=1603"}],"curies":[{"name":"wp","href":"https:\/\/api.w.org\/{rel}","templated":true}]}}