{"id":2667,"date":"2017-04-05T14:14:58","date_gmt":"2017-04-05T12:14:58","guid":{"rendered":"http:\/\/www.liceuldeartams.ro\/?page_id=2667"},"modified":"2026-04-21T10:42:43","modified_gmt":"2026-04-21T08:42:43","slug":"calendar-2","status":"publish","type":"page","link":"http:\/\/www.liceuldeartams.ro\/hu\/calendar-2\/","title":{"rendered":"calendar"},"content":{"rendered":"\r\n<h3><b>CALENDARUL ADMITERII<\/b><\/h3>\r\n<hr \/>\r\n<h5><b><u>DATA: 21.04.2026<\/u><\/b><\/h5>\r\n<h5><b><a href=\"https:\/\/www.liceuldeartams.ro\/wp-content\/uploads\/2026\/04\/EXTRAS-Anexa-OMEC-6060-Calendar-Admitere-Liceu-2026-2027-Anexa3.pdf\">METODOLOGIA DE ORGANIZARE \u015eI DESF\u0102\u015eURARE \u015eI STRUCTURA PROBELOR DE\r\nAPTITUDINI PENTRU ADMITEREA \u00ceN LICEELE VOCA\u021aIONALE &#8211; PROFIL ARTISTIC &#8211; ARTE VIZUALE<\/a><\/b><\/h5>\r\n<hr \/>\r\n<h5><b><u>DATA: 16.06.2025<\/u><\/b><\/h5>\r\n<h5><b><a href=\"http:\/\/www.liceuldeartams.ro\/wp-content\/uploads\/2025\/06\/CALENDAR_ADMITERE_Gimnaziu_Liceu_IUNIE_2025.pdf.pdf\">CALENDAR ADMITERE GIMNAZIU \/ LICEU &#8211; IUNIE 2025<\/a><\/b><\/h5>\r\n<hr \/>\r\n<img decoding=\"async\" src=\"http:\/\/www.liceuldeartams.ro\/wp-content\/uploads\/2025\/05\/AFIS_ADMITERE_IX__2025-scaled.jpg\" alt=\"AFIS ADMITERE IX 2025\">\r\n<hr \/>\r\n<h4><b><u>DATA: 16.04.2025<\/u><\/b><\/h4>\r\n<h5><b><a href=\"https:\/\/www.edums.ro\/2024-2025\/3275%2008%2005%202025.pdf\">\u00cen aten\u021bia directorilor unit\u0103\u021bilor de \u00eenv\u0103\u021b\u0103m\u00e2nt \u0219i a dirigin\u021bilor claselor a VIII-a &#8211; Calendarul probelor de aptitudini \u0219i Calendarul probelor de verificare a cuno\u0219tin\u021belor de limb\u0103 modern\u0103 \u0219i matern\u0103<\/a><\/b><\/h5>\r\n<hr \/>\r\n<h4><b><u>DATA: 17.03.2025\u00a0<\/u><\/h4>\r\n<h5><b><a href=\"http:\/\/www.liceuldeartams.ro\/wp-content\/uploads\/2025\/03\/Pregatiri_Admitere_V_ArtePlastice_2025.pdf\">PREG\u0102TIRI PENTRU ADMITERE IN CLASA A V-A, SPECIALIZAREA ARTE PLASTICE &#8211; 2025-2026<\/a><\/b>\r\n<h5><b><a href=\"http:\/\/www.liceuldeartams.ro\/wp-content\/uploads\/2025\/03\/Pregatiri_Probe_Aptitudini_IX_ArtePlastice_Arhitectura_2025.pdf\">PREG\u0102TIRI PENTRU PROBELE DE APTITUDINI LA SPECIALIZAREA ARTE PLASTICE \u0218I ARHITECTUR\u0102 &#8211; ADMITERE IN CLASA A IX-A &#8211; 2025-2026<\/a><\/b><\/h5>\r\n<hr \/>\r\n<h5><b><u>CONCURS PENTRU PERSONAL NEDIDACTIC &#8211; PAZNIC<\/u><\/h5>\r\n<h5><b><a href=\"https:\/\/www.edums.ro\/2024-2025\/391%2007%2003%202025.pdf\">10.03.2025 &#8211; Anun\u021b concurs pentru ocuparea postului vacant de paznic, 1 norm\u0103 pe perioad\u0103 nedeterminat\u0103 la Colegiul Na\u021bional de Art\u0103 T\u00e2rgu Mure\u0219<\/a><\/b>\r\n<hr \/>\r\n<h4><b><u>DATA: 07.03.2025\u00a0<\/u><\/h4>\r\n<h5><b><a href=\"http:\/\/www.liceuldeartams.ro\/wp-content\/uploads\/2025\/03\/CriteriSpecificeDepartajare_Clasa0_2025_2026.pdf\">CRITERII SPECIFICE DE DEPARTAJARE \u00ceN VEDEREA \u00ceNSCRIERII \u00ceN CLASA PREG\u0102TITOARE \u00ceN ANUL \u0218COLAR 2025-2026<\/a><\/b><\/h5>\r\n<h5><b><a href=\"https:\/\/www.edums.ro\/2024-2025\/255%2025%2003%202024.pdf\">ORDIN privind aprobarea Metodologiei de \u00eenscriere a copiilor \u00een \u00eenv\u0103\u021b\u0103m\u00e2ntul primar pentru anul \u0219colar 2025-2026<\/a><\/b><\/h5>\r\n<h5><b><a href=\"https:\/\/www.edums.ro\/2024-2025\/221%2006%2003%202025.pdf\">ORDIN privind aprobarea Calendarului \u00eenscrierii \u00een \u00eenv\u0103\u021b\u0103m\u00e2ntul primar pentru anul \u0219colar 2025-2026<\/a><\/b><\/h5>\r\n<hr \/>\r\n<h4><b><u>DATA: 19.02.2025\u00a0<\/u><\/h4>\r\n<h5><b><a href=\"http:\/\/www.liceuldeartams.ro\/wp-content\/uploads\/2025\/02\/PROBE_DE_APTITUDINI_MUZ_IX_RO_2025_2026.pdf\">DESF\u0102\u0218URAREA PROBELOR DE APTITUDINI- specializarea MUZIC\u0102 PENTRU ADMITEREA \u00ceN CLASA A IX-A LA COLEGIUL NA\u021aIONAL DE ART\u0102- SEC\u021aIA ROM\u00c2N\u0102 \u0218I MAGHIAR\u0102 (RO)<\/a><\/b><\/h5>\r\n<h5><b><a href=\"http:\/\/www.liceuldeartams.ro\/wp-content\/uploads\/2025\/02\/PROBE_DE_APTITUDINI_MUZ_IX_MA_2025_2026.pdf\">A k\u00e9szs\u00e9gfelm\u00e9r\u0151 vizsg\u00e1k id\u0151pontja a M\u0171v\u00e9szeti Szakl\u00edceum ZENE szak\u00e1ra IX. oszt\u00e1lyba felv\u00e9teliz\u0151k sz\u00e1m\u00e1ra &#8211; magyar \u00e9s rom\u00e1n tagozatra (MA)<\/a><\/b><\/h5>\r\n<hr \/>\r\n<h5><b><a href=\"http:\/\/www.liceuldeartams.ro\/wp-content\/uploads\/2025\/02\/PROBE_DE_APTITUDINI_A_A_IX_RO_2025_2026.pdf\">DESF\u0102\u0218URAREA PROBELOR DE APTITUDINI- specializarea ARTA ACTORULUI PENTRU ADMITEREA \u00ceN CLASA A IX-A la COLEGIUL NA\u021aIONAL DE ART\u0102 TG. MURE\u0218 &#8211; SEC\u021aIA ROM\u00c2N\u0102 \u0218I MAGHIAR\u0102 (RO)<\/a><\/b><\/h5>\r\n<h5><b><a href=\"http:\/\/www.liceuldeartams.ro\/wp-content\/uploads\/2025\/02\/PROBE_DE_APTITUDINI_A_A_IX_MA_2025_2026.pdf\">A k\u00e9szs\u00e9gfelm\u00e9r\u0151 vizsg\u00e1k id\u0151pontja a M\u0171v\u00e9szeti Szakl\u00edceum SZ\u00cdN\u00c9SZMESTERS\u00c9G szak\u00e1ra IX. oszt\u00e1lyba felv\u00e9teliz\u0151k sz\u00e1m\u00e1ra &#8211; magyar \u00e9s rom\u00e1n tagozatra (MA)<\/a><\/b><\/h5>\r\n<hr \/>\r\n<h5><b><a href=\"http:\/\/www.liceuldeartams.ro\/wp-content\/uploads\/2025\/02\/PROBE_DE_APTITUDINI_AP_ARH_IX_RO_2025_2026.pdf\">DESF\u0102\u0218URAREA PROBELOR DE APTITUDINI- specializarea ARTE PLASTICE \u0218I ARHITECTUR\u0102 PENTRU ADMITEREA \u00ceN CLASA A IX-A LA COLEGIUL NA\u021aIONAL DE ART\u0102- SEC\u021aIA ROM\u00c2N\u0102 \u0218I MAGHIAR\u0102<\/a><\/b><\/h5>\r\n<h5><b><a href=\"http:\/\/www.liceuldeartams.ro\/wp-content\/uploads\/2025\/02\/PROBE_DE_APTITUDINI_AP_ARH_IX_MA_2025_2026.pdf\"> A k\u00e9szs\u00e9gfelm\u00e9r\u0151 vizsg\u00e1k id\u0151pontja a M\u0171v\u00e9szeti Szakl\u00edceum K\u00c9PZ\u0150M\u0170V\u00c9SZET \u00e9s M\u0170\u00c9P\u00cdT\u00c9SZET szak\u00e1ra IX. oszt\u00e1lyba felv\u00e9teliz\u0151k sz\u00e1m\u00e1ra &#8211; magyar \u00e9s rom\u00e1n tagozatra <\/a><\/b><\/h5>\r\n<hr \/>\r\n<h4><b><u>DATA: 18.02.2025\u00a0<\/u><\/h4>\r\n<h5><b><a href=\"http:\/\/www.liceuldeartams.ro\/wp-content\/uploads\/2025\/02\/OME_6480_din_2024_Admitere_Liceu_2025_2026.pdf\">ORDIN privind organizarea \u0219i desf\u0103\u0219urarea admiterii \u00een \u00eenv\u0103\u021b\u0103m\u00e2ntul liceal pentru anul \u0219colar 2025-2026<\/a><\/b>\r\n<hr \/>\r\n<img decoding=\"async\" src=\"http:\/\/www.liceuldeartams.ro\/wp-content\/uploads\/2025\/02\/Afis_Pregatiri_Clasa_pregatitoare_2025_2026.jpg\" alt=\"\">\r\n<hr \/>\r\n\r\n<h4><b><u>DATA: 16.05.2024\u00a0<\/u><\/h4>\r\n<hr \/>\r\n<h5><b><a href=\"http:\/\/www.liceuldeartams.ro\/wp-content\/uploads\/2024\/05\/Subiecte_pentru_examenele_de_diferenta__2024.pdf\">Subiecte pentru examenele de diferen\u021b\u0103  pentru anul \u0219colar 2024-2025<\/a><\/b><\/h5>\r\n<hr \/>\r\n<h5><b><a href=\"http:\/\/www.liceuldeartams.ro\/wp-content\/uploads\/2024\/05\/Calendar_admiterii_inv_liceal_vocational_2024.pdf\">Calendarul admiterii \u00een \u00eenv\u0103\u021b\u0103m\u00e2ntul liceal voca\u021bional pentru anul \u0219colar 2024-2025<\/a><\/b><\/h5>\r\n<hr \/>\r\n<img decoding=\"async\" src=\"http:\/\/www.liceuldeartams.ro\/wp-content\/uploads\/2024\/03\/PREGATIRI_CLS_0.jpg\" alt=\"\">\r\n<hr \/>\r\n<h4><b><u>DATA: 07.03.2024\u00a0<\/u><\/h4>\r\n<!--<h5><b><a href=\"http:\/\/www.liceuldeartams.ro\/wp-content\/uploads\/2022\/10\/Calendarul_adm_inv_lic_2023_2024.pdf\"> Calendarul admiterii \u00een \u00eenv\u0103\u021b\u0103m\u00e2ntul liceal pentru anul \u0219colar 2023-2024<\/a><\/b>-->\r\n<h5><b><a href=\"http:\/\/www.liceuldeartams.ro\/wp-content\/uploads\/2024\/03\/Ordin-admitere-liceu-2024-plus-anexe.pdf\">ORDIN privind organizarea \u0219i desf\u0103\u0219urarea admiterii \u00een \u00eenv\u0103\u021b\u0103m\u00e2ntul liceal pentru anul \u0219colar 2024-2025<\/a><\/b>\r\n<hr \/>\r\n<h5><b><a href=\"http:\/\/www.liceuldeartams.ro\/wp-content\/uploads\/2024\/03\/GRAFICUL_PREGATIRILOR_GRATUITE_PT_PROBELE_DE_APTITUDINI_2024_RO.pdf\">GRAFICUL PREG\u0102TIRILOR GRATUITE PENTRU PROBELE DE APTITUDINI CLASA A IX-A &#8211; SEC\u021aIA MUZIC\u0102 \u2013 ARTA ACTORULUI PENTRU ANUL \u0218COLAR 2024-2025 (RO)<\/a><\/b><\/h5>\r\n<h5><b><a href=\"http:\/\/www.liceuldeartams.ro\/wp-content\/uploads\/2024\/03\/GRAFICUL_PREGATIRILOR_GRATUITE_PT_PROBELE_DE_APTITUDINI_2024_MA.pdf\">T\u00c9R\u00cdT\u00c9SMENTES FELK\u00c9SZ\u00cdT\u0150K ID\u0150PONTJA A TEHETS\u00c9GFELM\u00c9R\u0150 VIZSG\u00c1RA IX- OSZT\u00c1LY &#8211; 2024-2025 &#8211; \u00d6S TAN\u00c9V<\/a><\/b><\/h5>\r\n<hr \/>\r\n<h5><b><a href=\"http:\/\/www.liceuldeartams.ro\/wp-content\/uploads\/2024\/03\/PREGATIRI_AP_ARH_9_2024.pdf\">PREG\u0102TIRI PENTRU PROBELE DE APTITUDINI LA SPECIALIZAREA ARTE PLASTICE SI ARHITECTUR\u0102 &#8211; ADMITERE IN CLASA A IX-A &#8211; 2024-2025<\/a><\/b><\/h5>\r\n<hr \/>\r\n<h5><b><a href=\"http:\/\/www.liceuldeartams.ro\/wp-content\/uploads\/2024\/03\/PREGATIRI_AP_ARH_5_2024.pdf\">PREG\u0102TIRI PENTRU ADMITERE IN CLASA A V-A, SPECIALIZAREA ARTE PLASTICE &#8211; 2024-2025<\/a><\/b><\/h5>\r\n<hr \/>\r\n<h5><b><a href=\"http:\/\/www.liceuldeartams.ro\/wp-content\/uploads\/2024\/03\/PROBE_DE_APTITUDINI_MUZ_IX_RO_2024_2025.pdf\">DESF\u0102\u0218URAREA PROBELOR DE APTITUDINI- specializarea MUZIC\u0102 PENTRU ADMITEREA \u00ceN CLASA A IX-A LA LICEUL VOCA\u021aIONAL DE ART\u0102- SEC\u021aIA ROM\u00c2N\u0102 \u0218I MAGHIAR\u0102 (RO)<\/a><\/b><\/h5>\r\n<h5><b><a href=\"http:\/\/www.liceuldeartams.ro\/wp-content\/uploads\/2024\/03\/PROBE_DE_APTITUDINI_MUZ_IX_MA_2024_2025.pdf\">A k\u00e9szs\u00e9gfelm\u00e9r\u0151 vizsg\u00e1k id\u0151pontja a M\u0171v\u00e9szeti Szakl\u00edceum ZENE szak\u00e1ra IX. oszt\u00e1lyba felv\u00e9teliz\u0151k sz\u00e1m\u00e1ra &#8211; magyar \u00e9s rom\u00e1n tagozatra (MA)<\/a><\/b><\/h5>\r\n<h5><b><a href=\"http:\/\/www.liceuldeartams.ro\/wp-content\/uploads\/2024\/03\/PROBE_DE_APTITUDINI_A_A_IX_RO_2024-2025.pdf\">DESF\u0102\u0218URAREA PROBELOR DE APTITUDINI- specializarea ARTA ACTORULUI PENTRU ADMITEREA \u00ceN CLASA A IX-A la LICEUL VOCA\u021aIONAL DE ART\u0102 TG. MURE\u0218 &#8211; SEC\u021aIA ROM\u00c2N\u0102 \u0218I MAGHIAR\u0102 (RO)<\/a><\/b><\/h5>\r\n<h5><b><a href=\"http:\/\/www.liceuldeartams.ro\/wp-content\/uploads\/2024\/03\/PROBE_DE_APTITUDINI_A_A_IX_MA_2024-2025.pdf\">A k\u00e9szs\u00e9gfelm\u00e9r\u0151 vizsg\u00e1k id\u0151pontja a M\u0171v\u00e9szeti Szakl\u00edceum SZ\u00cdN\u00c9SZMESTERS\u00c9G szak\u00e1ra IX. oszt\u00e1lyba felv\u00e9teliz\u0151k sz\u00e1m\u00e1ra &#8211; magyar \u00e9s rom\u00e1n tagozatra (MA)<\/a><\/b><\/h5>\r\n<h5><b><a href=\"http:\/\/www.liceuldeartams.ro\/wp-content\/uploads\/2024\/03\/PROBE_DE_APTITUDINI_AP_ARH_IX_RO_2024-2025.pdf\">DESF\u0102\u0218URAREA PROBELOR DE APTITUDINI- specializarea ARTE PLASTICE \u0218I ARHITECTUR\u0102 PENTRU ADMITEREA \u00ceN CLASA A IX-A LA LICEUL VOCA\u021aIONAL DE ART\u0102- SEC\u021aIA ROM\u00c2N\u0102 \u0218I MAGHIAR\u0102<\/a><\/b><\/h5>\r\n<h5><b><a href=\"http:\/\/www.liceuldeartams.ro\/wp-content\/uploads\/2024\/03\/PROBE_DE_APTITUDINI_AP_ARH_IX_MA_2024-2025.pdf\"> A k\u00e9szs\u00e9gfelm\u00e9r\u0151 vizsg\u00e1k id\u0151pontja a M\u0171v\u00e9szeti Szakl\u00edceum K\u00c9PZ\u0150M\u0170V\u00c9SZET \u00e9s M\u0170\u00c9P\u00cdT\u00c9SZET szak\u00e1ra IX. oszt\u00e1lyba felv\u00e9teliz\u0151k sz\u00e1m\u00e1ra &#8211; magyar \u00e9s rom\u00e1n tagozatra <\/a><\/b><\/h5>\r\n<hr \/>\r\n<h4><b><u>DATA: 06.06.2023<\/u><\/b>\r\n<h5><b><a href=\"http:\/\/www.liceuldeartams.ro\/wp-content\/uploads\/2023\/06\/Examene_de_diferenta_AP_ARH_6_8_06_2023.pdf\">ORAR &#8211; Examen de diferen\u021b\u0103 &#8211; Arte plastice \u0219i Arhitectur\u0103 &#8211; 6-8.06.2023<\/a><\/b>\r\n<hr \/>\r\n<h4><b><u>DATA: 17.05.2023<\/u><\/b><\/h4>\r\n<h5><b><a href=\"http:\/\/www.liceuldeartams.ro\/wp-content\/uploads\/2023\/05\/PROGRAMARE_TSD_INSTRUMENTISTI_RO_2023.pdf\"> PROGRAMARE TSD INSTRUMENTI\u0218TI &#8211; RO &#8211; PROBE DE APTITUDINI &#8211; Admitere cls. a IX-a &#8211; 2023<\/a><\/b>\r\n<h5><b><a href=\"http:\/\/www.liceuldeartams.ro\/wp-content\/uploads\/2023\/05\/PROGRAMARE_TSD_INSTRUMENTISTI_MA_2023.pdf\"> PROGRAMARE TSD INSTRUMENTI\u0218TI &#8211; MA &#8211; PROBE DE APTITUDINI &#8211; Admitere cls. a IX-a &#8211; 2023<\/a><\/b>\r\n<hr \/>\r\n<h4><b><u>DATA: 16.05.2023<\/u><\/b><\/h4>\r\n<h5><b><u>PROGRAM\u0102RI PROBE DE APTITUDINI ADMITERE \u00ceN CLASA A IX-A &#8211; 2022-2023<\/u><\/b><\/h5>\r\n<h5><b><a href=\"http:\/\/www.liceuldeartams.ro\/wp-content\/uploads\/2023\/05\/PROGRAMARE_INSTRUMENTISTI_ADMITERE__IX_2023.pdf\"> PROGRAMARE INSTRUMENTI\u0218TI &#8211; PROBE DE APTITUDINI &#8211; Admitere cls. a IX-a &#8211; 2023<\/a><\/b>\r\n<h5><b><a href=\"http:\/\/www.liceuldeartams.ro\/wp-content\/uploads\/2023\/05\/PROGRAMARE_CANTO_ADMITERE__IX_2023.pdf\"> PROGRAMARE CANTO &#8211; PROBE DE APTITUDINI &#8211; Admitere cls. a IX-a &#8211; 2023<\/a><\/b>\r\n<h5><b><a href=\"http:\/\/www.liceuldeartams.ro\/wp-content\/uploads\/2023\/05\/PROGRAMARE_ARTA_ACTORULUI__ADMITERE_IX_2023.pdf\"> PROGRAMARE ARTA ACTORULUI &#8211; PROBE DE APTITUDINI &#8211; Admitere cls. a IX-a &#8211; 2023<\/a><\/b>\r\n<hr \/>\r\n<h4><b><u>DATA: 08.05.2023<\/u><\/b><\/h4>\r\n<img decoding=\"async\" src=\"http:\/\/www.liceuldeartams.ro\/wp-content\/uploads\/2023\/05\/Admitere_V_2023.jpg\" alt=\"\">\r\n<hr \/>\r\n<h4><b><u>DATA: 03.05.2023\u00a0<\/u><\/h4>\r\n<h5><b><a href=\"http:\/\/www.liceuldeartams.ro\/wp-content\/uploads\/2023\/05\/CALENDAR_PROBE_APTITUDINI_3920_27_04_2023.pdf\"> Calendarul probelor de aptitudini pentru admiterea \u00een clasa a IX-a \u00een licee voca\u021bionale pentru anul \u0219colar 2023-2024<\/a><\/b>\r\n<h5><b><u>CALENDAR PROBE DE APTITUDINI ADMITERE \u00ceN CLASA A IX-A &#8211; 2022-2023<\/u><\/b><\/h5>\r\n\r\n<h5><b><a href=\"http:\/\/www.liceuldeartams.ro\/wp-content\/uploads\/2023\/03\/PROBE_DE_APTITUDINI_MUZ_IX_RO_2023_2024.pdf\">DESF\u0102\u0218URAREA PROBELOR DE APTITUDINI- specializarea MUZIC\u0102 PENTRU ADMITEREA \u00ceN CLASA A IX-A LA LICEUL VOCA\u021aIONAL DE ART\u0102- SEC\u021aIA ROM\u00c2N\u0102 \u0218I MAGHIAR\u0102 (RO)<\/a><\/b><\/h5>\r\n<h5><b><a href=\"http:\/\/www.liceuldeartams.ro\/wp-content\/uploads\/2023\/03\/PROBE_DE_APTITUDINI_MUZ_IX_MA_2023_2024.pdf\">A k\u00e9szs\u00e9gfelm\u00e9r\u0151 vizsg\u00e1k id\u0151pontja a M\u0171v\u00e9szeti Szakl\u00edceum ZENE szak\u00e1ra IX. oszt\u00e1lyba felv\u00e9teliz\u0151k sz\u00e1m\u00e1ra &#8211; magyar \u00e9s rom\u00e1n tagozatra (MA)<\/a><\/b><\/h5>\r\n<h5><b><a href=\"http:\/\/www.liceuldeartams.ro\/wp-content\/uploads\/2023\/03\/PROBE_DE_APTITUDINI_AA_IX_RO_2023_2024.pdf\">DESF\u0102\u0218URAREA PROBELOR DE APTITUDINI- specializarea ARTA ACTORULUI PENTRU ADMITEREA \u00ceN CLASA A IX-A la LICEUL VOCA\u021aIONAL DE ART\u0102 TG. MURE\u0218 &#8211; SEC\u021aIA ROM\u00c2N\u0102 \u0218I MAGHIAR\u0102 (RO)<\/a><\/b><\/h5>\r\n<h5><b><a href=\"http:\/\/www.liceuldeartams.ro\/wp-content\/uploads\/2023\/03\/PROBE_DE_APTITUDINI_AA_IX_MA_2023_2024.pdf\">A k\u00e9szs\u00e9gfelm\u00e9r\u0151 vizsg\u00e1k id\u0151pontja a M\u0171v\u00e9szeti Szakl\u00edceum SZ\u00cdN\u00c9SZMESTERS\u00c9G szak\u00e1ra IX. oszt\u00e1lyba felv\u00e9teliz\u0151k sz\u00e1m\u00e1ra &#8211; magyar \u00e9s rom\u00e1n tagozatra (MA)<\/a><\/b><\/h5>\r\n<h5><b><a href=\"http:\/\/www.liceuldeartams.ro\/wp-content\/uploads\/2023\/05\/PROBE_DE_APTITUDINI_AP_ARH_2023_2024__RO.pdf\">DESF\u0102\u0218URAREA PROBELOR DE APTITUDINI- specializarea ARTE PLASTICE \u0218I ARHITECTUR\u0102 PENTRU ADMITEREA \u00ceN CLASA A IX-A LA LICEUL VOCA\u021aIONAL DE ART\u0102- SEC\u021aIA ROM\u00c2N\u0102 \u0218I MAGHIAR\u0102<\/a><\/b><\/h5>\r\n<h5><b><a href=\"http:\/\/www.liceuldeartams.ro\/wp-content\/uploads\/2023\/05\/PROBE_DE_APTITUDINI_AP_ARH_IX_2023_2024__MA.pdf\"> A k\u00e9szs\u00e9gfelm\u00e9r\u0151 vizsg\u00e1k id\u0151pontja a M\u0171v\u00e9szeti Szakl\u00edceum K\u00c9PZ\u0150M\u0170V\u00c9SZET \u00e9s M\u0170\u00c9P\u00cdT\u00c9SZET szak\u00e1ra IX. oszt\u00e1lyba felv\u00e9teliz\u0151k sz\u00e1m\u00e1ra &#8211; magyar \u00e9s rom\u00e1n tagozatra <\/a><\/b><\/h5>\r\n<hr \/>\r\n<h5><b><a href=\"http:\/\/www.liceuldeartams.ro\/wp-content\/uploads\/2023\/02\/Grafic__Pregatiri.pdf\"> <img decoding=\"async\" src=\"http:\/\/www.liceuldeartams.ro\/wp-content\/uploads\/2023\/02\/Grafic__Pregatiri.jpg\" \" alt=\"\">\r\n<h5><b><a href=\"http:\/\/www.liceuldeartams.ro\/wp-content\/uploads\/2023\/02\/Felkeszito__Program.pdf\"> <img decoding=\"async\" src=\"http:\/\/www.liceuldeartams.ro\/wp-content\/uploads\/2023\/02\/Felkeszito__Program.jpg\" alt=\"\"><\/a><\/b>\r\n<hr \/>\r\n<h4><b><u>DATA: 04.10.2022\u00a0<\/u><\/h4>\r\n<h5><b><a href=\"http:\/\/www.liceuldeartams.ro\/wp-content\/uploads\/2022\/10\/Calendarul_adm_inv_lic_2023_2024.pdf\"> Calendarul admiterii \u00een \u00eenv\u0103\u021b\u0103m\u00e2ntul liceal pentru anul \u0219colar 2023-2024<\/a><\/b>\r\n<h5><b><a href=\"http:\/\/www.liceuldeartams.ro\/wp-content\/uploads\/2022\/10\/Admitere_IX_ORDIN_756_16_09_2022.pdf\">ORDIN privind organizarea \u0219i desf\u0103\u0219urarea admiterii \u00een \u00eenv\u0103\u021b\u0103m\u00e2ntul liceal pentru anul \u0219colar 2023-2024 &#8211; completare<\/a><\/b>\r\n<hr \/>\r\n<h4><b><u>DATA: 17.05.2022<\/u><\/b><\/h4>\r\n<h5><b><a href=\"http:\/\/www.liceuldeartams.ro\/wp-content\/uploads\/2022\/05\/examen_diferenta_IUNIE_2022.pdf\">EXAMEN DE DIFERENTA 2022<\/a><\/b><\/h5>\r\n<h5><b><a href=\"http:\/\/www.liceuldeartams.ro\/wp-content\/uploads\/2022\/05\/PROGRAM_ADMITERE_2022__XI_V.pdf\">PROCEDURA DE DESF\u0102\u015eURARE A PROBELOR DE APTITUDINI PENTRU ADMITEREA \u00ceN CLASA A V-A SI CLASA A IX-A 2022<\/a><\/b><\/h5>\r\n<hr \/>\r\n<h4><b><u>DATA: 13.05.2022<\/u><\/b><\/h4>\r\n<img decoding=\"async\" src=\"http:\/\/www.liceuldeartams.ro\/wp-content\/uploads\/2022\/05\/Admitere_V_2022.jpg\" alt=\"Afi\u0219 Admitere \u00een clasa a V-a - 2022\" \/>\r\n<hr \/>\r\n<h4><b><u>DATA: 10.05.2022<\/u><\/b><\/h4>\r\n<h5><b><a href=\"http:\/\/www.liceuldeartams.ro\/wp-content\/uploads\/2022\/05\/Calendarul_probelor_de_aptitudini_ISJ_2022.pdf\">CALENDARUL PROBELOR DE APTITUDINI 2022 &#8211; ISJ MURE\u0218<\/a><\/b><\/h5>\r\n<hr \/>\r\n\r\n<h4><b><u>DATA: 02.05.2022<\/u><\/b><\/h4>\r\n<h5><b> Probele de aptitudini pentru clasa preg\u0103titoare: 5 MAI, 2022 orele 16,30, sala Amfiteatru. <\/b><\/h5>\r\n\r\n<hr \/>\r\n\r\n<h4><b><u>DATA: 02.05.2022<\/u><\/b><\/h4>\r\n<img decoding=\"async\" src=\"http:\/\/www.liceuldeartams.ro\/wp-content\/uploads\/2022\/05\/Pregatiri_M_AA_2022.jpg\" alt=\"Pregatiri Admitere muzica si Arta actorului 2022-2023\" \/>\r\n<hr \/>\r\n<h4><b><u>DATA: 05.04.2022<\/u><\/b><\/h4>\r\n\r\n<h5><b><a href=\"http:\/\/www.liceuldeartams.ro\/wp-content\/uploads\/2022\/04\/Criterii_specifice_clasa_pregatitoare_2022-2023.pdf\">CRITERII SPECIFICE DE DEPARTAJARE \u00ceN VEDEREA \u00ceNSCRIERII \u00ceN  CLASA PREG\u0102TITOARE PENTRU ANUL \u0218COLAR 2022-2023<\/b>\r\n<\/a>\r\n<h5><b><a href=\"http:\/\/www.liceuldeartams.ro\/wp-content\/uploads\/2022\/04\/Calendar_clasa_preg_2022-23_Ro.pdf\">Calendarul activit\u0103\u0163ilor pentru \u00eenscrierea \u00een clasa preg\u0103titoare an \u015fcolar 2022-2023<\/b>\r\n<\/a>\r\n<h5><b><a href=\"http:\/\/www.liceuldeartams.ro\/wp-content\/uploads\/2022\/04\/Calendar_clasa_preg_2022-23_MA.pdf\">Hat\u00e1rid\u0151k az el\u0151k\u00e9sz\u00edt\u0151 oszt\u00e1ly sz\u00e1m\u00e1ra a 2022-2023-es tan\u00e9vben<\/b>\r\n<\/a>\r\n<h5><b><a href=\"http:\/\/www.liceuldeartams.ro\/wp-content\/uploads\/2022\/04\/1_2022_OME-privind-aprobarea-metod-de-inscriere-a-copiilor-in-invat-primar-si-calendarul-inscrierii-2022-2023.pdf\">1 2022 OME &#8211; privind aprobarea metodologiei de \u00eenscriere a copiilor \u00een \u00eenv\u0103\u021b\u0103m\u00e2ntul primar \u0219i calendarul \u00eenscrierii 2022-2023<\/b>\r\n<\/a>\r\n<!--\r\n<hr \/>\r\n<h4><b><u>DATA: 29.03.2022<\/u><\/b><\/h4>\r\n<h5><b><u>CALENDAR PROBE DE APTITUDINI ADMITERE \u00ceN CLASA PREG\u0102TITOARE - 2022-2023<\/u><\/b><\/h5>\r\n<img decoding=\"async\" src=\"http:\/\/www.liceuldeartams.ro\/wp-content\/uploads\/2022\/03\/Afis_Clasa_pregatitoare_2022-2023.jpg\" alt=\"ADMITERE CLASA PREGATITOARE RO 2022-2023\" \/>\r\n<img decoding=\"async\" src=\"http:\/\/www.liceuldeartams.ro\/wp-content\/uploads\/2022\/03\/Afis_Clasa_pregatitoare_MA_2022-2023.jpg\" alt=\"ADMITERE CLASA PREGATITOARE MA 2022-2023\" \/>\r\n-->\r\n<hr \/>\r\n<h5><b><u>CALENDAR PROBE DE APTITUDINI ADMITERE \u00ceN CLASA A IX-A &#8211; 2022-2023<\/u><\/b><\/h5>\r\n\r\n<img decoding=\"async\" src=\"http:\/\/www.liceuldeartams.ro\/wp-content\/uploads\/2022\/03\/AFIS_IX_2022-2023.jpg\" alt=\"Admitere 2022-2023\" \/>\r\n\r\n<hr \/>\r\n\r\n<h4><b><u>DATA: 23.03.2022<\/u><\/b><\/h4>\r\n<h5><b><u>CALENDAR PROBE DE APTITUDINI ADMITERE \u00ceN CLASA A IX-A &#8211; 2022-2023<\/u><\/b><\/h5>\r\n\r\n<h5><b><a href=\"http:\/\/www.liceuldeartams.ro\/wp-content\/uploads\/2022\/03\/PROBE_DE_APTITUDINI_MUZICA_IX_RO_2022-2023.pdf\">DESF\u0102\u0218URAREA PROBELOR DE APTITUDINI- specializarea MUZIC\u0102 PENTRU ADMITEREA \u00ceN CLASA A IX-A LA LICEUL VOCA\u021aIONAL DE ART\u0102- SEC\u021aIA ROM\u00c2N\u0102 \u0218I MAGHIAR\u0102 (RO)<\/b>\r\n<\/a>\r\n<h5><b><a href=\"http:\/\/www.liceuldeartams.ro\/wp-content\/uploads\/2022\/03\/PROBE_DE_APTITUDINI_MUZICA_IX_MA_2022-2023.pdf\">A k\u00e9szs\u00e9gfelm\u00e9r\u0151 vizsg\u00e1k id\u0151pontja a M\u0171v\u00e9szeti Szakl\u00edceum ZENE szak\u00e1ra IX. oszt\u00e1lyba felv\u00e9teliz\u0151k sz\u00e1m\u00e1ra &#8211; magyar \u00e9s rom\u00e1n tagozatra (MA)<\/b>\r\n<\/a>\r\n<h5><b><a href=\"http:\/\/www.liceuldeartams.ro\/wp-content\/uploads\/2022\/03\/PROBE_DE_APTITUDINI_AA_IX_RO_2022-2023.pdf\">DESF\u0102\u0218URAREA PROBELOR DE APTITUDINI- specializarea ARTA ACTORULUI PENTRU ADMITEREA \u00ceN CLASA A IX-A la LICEUL VOCA\u021aIONAL DE ART\u0102 TG. MURE\u0218 &#8211; SEC\u021aIA ROM\u00c2N\u0102 \u0218I MAGHIAR\u0102 (RO)<\/b>\r\n<\/a>\r\n<h5><b><a href=\"http:\/\/www.liceuldeartams.ro\/wp-content\/uploads\/2022\/03\/PROBE_DE_APTITUDINI_AA_IX_MA_2022-2023.pdf\">A k\u00e9szs\u00e9gfelm\u00e9r\u0151 vizsg\u00e1k id\u0151pontja a M\u0171v\u00e9szeti Szakl\u00edceum SZ\u00cdN\u00c9SZMESTERS\u00c9G szak\u00e1ra IX. oszt\u00e1lyba felv\u00e9teliz\u0151k sz\u00e1m\u00e1ra &#8211; magyar \u00e9s rom\u00e1n tagozatra (MA)<\/b>\r\n\r\n<h5><b><a href=\"http:\/\/www.liceuldeartams.ro\/wp-content\/uploads\/2022\/03\/PROBE_DE_APTITUDINI_AP_ARH_IX_RO_2022-2023.pdf\">DESF\u0102\u0218URAREA PROBELOR DE APTITUDINI- specializarea ARTE PLASTICE \u0218I ARHITECTUR\u0102 PENTRU ADMITEREA \u00ceN CLASA A IX-A LA LICEUL VOCA\u021aIONAL DE ART\u0102- SEC\u021aIA ROM\u00c2N\u0102 \u0218I MAGHIAR\u0102<\/b> \r\n<\/a>\r\n<h5><b><a href=\"http:\/\/www.liceuldeartams.ro\/wp-content\/uploads\/2022\/03\/PROBE_DE_APTITUDINI_AP_ARH_IX_MA_2022-2023.pdf\"> A k\u00e9szs\u00e9gfelm\u00e9r\u0151 vizsg\u00e1k id\u0151pontja a M\u0171v\u00e9szeti Szakl\u00edceum K\u00c9PZ\u0150M\u0170V\u00c9SZET \u00e9s M\u0170\u00c9P\u00cdT\u00c9SZET szak\u00e1ra IX. oszt\u00e1lyba felv\u00e9teliz\u0151k sz\u00e1m\u00e1ra &#8211; magyar \u00e9s rom\u00e1n tagozatra <\/b>\r\n<\/a>\r\n\r\n<img decoding=\"async\" src=\"http:\/\/www.liceuldeartams.ro\/wp-content\/uploads\/2022\/03\/Pregatiri_Admitere_V_IX_2022-2023.jpg\" alt=\"Pregatiri Admitere 2022-2023\" \/>\r\n\r\n<hr \/>\r\n\r\n<h4><b><a href=\"http:\/\/www.liceuldeartams.ro\/wp-content\/uploads\/2022\/02\/Inscriere_clasa_pregatitoare_2022_RO.pdf\">\u00censcrierea \u00een clasa preg\u0103titoare pentru anul \u0219colar 2022-2023 &#8211; sec\u021bia rom\u00e2n\u0103<\/a><\/b><\/h4>\r\n&nbsp;\r\n<BR>\r\n<h4><b><a href=\"http:\/\/www.liceuldeartams.ro\/wp-content\/uploads\/2022\/02\/Inscriere_clasa_pregatitoare_2022_HU.pdf\">\u00censcrierea \u00een clasa preg\u0103titoare pentru anul \u0219colar 2022-2023 &#8211; sec\u021bia maghiar\u0103<\/a><\/b><\/h4>\r\n<hr \/>\r\n\r\n<h4><u>CALENDARUL ADMITERII PENTRU ANUL \u0218COLAR 2022-2023<\/u><\/h4>\r\n<hr>\r\n<h4><b>DATA: 14.01.2022 &#8211;\u00a0<a href=\"http:\/\/www.liceuldeartams.ro\/wp-content\/uploads\/2022\/01\/ordin_admitere_liceu_2022_2023.pdf\">Anexele nr. 1\u20145 la Ordinul ministrului educa\u021biei nr. 5.150\/2021 privind organizarea \u0219i desf\u0103\u0219urarea admiterii \u00een \u00eenv\u0103\u021b\u0103m\u00e2ntul liceal pentru anul \u0219colar 2022\u20142023<\/a><\/b><\/h4>\r\n&nbsp;\r\n<hr>\r\n<h4><u>CALENDARUL ADMITERII PENTRU ANUL \u0218COLAR 2021-2022<\/u><\/h4>\r\n<hr \/>\r\n<ul>\r\n<li><a href=\"\/wp-content\/uploads\/2021\/07\/Rezultat_admitere_IX_arta_actor_sectia_RO_2021_etapa_II.pdf\">Rezultat_admitere_IX_arta_actor_sectia_RO_2021_etapa_II<\/a><\/li>\r\n<br>\r\n<li><a href=\"\/wp-content\/uploads\/2021\/07\/Rezultat_admitere_IX_Arhitectura_sectia_MA_2021_etapa_II.pdf\">Rezultat_admitere_IX_Arhitectura_sectia_MA_2021_etapa_II<\/a><\/li>\r\n<li><a href=\"\/wp-content\/uploads\/2021\/07\/Rezultat_aptitudini_IX_Arhitectura_sectia_MA_2021_etapa_II.pdf\">Rezultat_aptitudini_IX_Arhitectura_sectia_MA_2021_etapa_II<\/a><\/li>\r\n<\/ul>\r\n<hr \/>\r\n<h4><b><u>ANUN\u021a!<\/u><\/b> <\/h4>\r\n<br>\r\n<p>\r\nProgramul pentru depunerea dosarelor <b>ELEVILOR ADMI\u0218I<\/B> \u00een clasa a IX-a este 19-23 iulie 2021 \u00eentre orele 9,00-14,00 la secretariatul Liceului Voca\u021bional de Art\u0103.\r\n<\/P>\r\n<hr \/>\r\n<ul>\r\n<li><a href=\"\/wp-content\/uploads\/2021\/07\/Rezultatul_Admiterii_IX_CODURI_EVALUAREA_NATIONALA_2021.pdf\">Rezultatul_Admiterii_IX_CODURI_EVALUAREA_NATIONALA_2021<\/a><\/li>\r\n\r\n<li><a href=\"\/wp-content\/uploads\/2021\/07\/Rezultat_admitere_IX_Muzica_sectia_RO_2021.pdf\">Rezultat_admitere_IX_Muzica_sectia_RO_2021<\/a><\/li>\r\n<li><a href=\"\/wp-content\/uploads\/2021\/07\/Rezultat_admitere_IX_Muzica_sectia_MA_2021.pdf\">Rezultat_admitere_IX_Muzica_sectia_MA_2021<\/a><\/li>\r\n\r\n<li><a href=\"\/wp-content\/uploads\/2021\/07\/Rezultat_admitere_IX_arta_actor_sectia_RO_2021.pdf\">Rezultat_admitere_IX_arta_actor_sectia_RO_2021<\/a><\/li>\r\n<li><a href=\"\/wp-content\/uploads\/2021\/07\/Rezultat_admitere_IX_arta_actor_sectia_MA_2021.pdf\">Rezultat_admitere_IX_arta_actor_sectia_MA_2021<\/a><\/li>\r\n\r\n<li><a href=\"\/wp-content\/uploads\/2021\/07\/Rezultat_admitere_IX_Arte_plastice_sectia_RO_2021.pdf\">Rezultat_admitere_IX_Arte_plastice_sectia_RO_2021<\/a><\/li>\r\n<li><a href=\"\/wp-content\/uploads\/2021\/07\/Rezultat_admitere_IX_Arte_plastice_CES_sectia_RO_2021.pdf\">Rezultat_admitere_IX_Arte_plastice_CES_sectia_RO_2021<\/a><\/li>\r\n<li><a href=\"\/wp-content\/uploads\/2021\/07\/Rezultat_admitere_IX_Arte_plastice_sectia_MA_2021.pdf\">Rezultat_admitere_IX_Arte_plastice_sectia_MA_2021<\/a><\/li>\r\n<li><a href=\"\/wp-content\/uploads\/2021\/07\/Rezultat_admitere_IX_Arte_plastice_sectia_RRO_2021.pdf\">Rezultat_admitere_IX_Arte_plastice_sectia_RRO_2021<\/a><\/li>\r\n\r\n<li><a href=\"\/wp-content\/uploads\/2021\/07\/Rezultat_admitere_IX_Arhitectura_sectia_RO_2021.pdf\">Rezultat_admitere_IX_Arhitectura_sectia_RO_2021<\/a><\/li>\r\n<li><a href=\"\/wp-content\/uploads\/2021\/07\/Rezultat_admitere_IX_Arhitectura_sectia_MA_2021.pdf\">Rezultat_admitere_IX_Arhitectura_sectia_MA_2021<\/a><\/li>\r\n<\/ul>\r\n<hr \/>\r\n<ul>\r\n<li><a href=\"https:\/\/www.edums.ro\/admitere2021.php\">INFORMA\u021aII PENTRU ADMITEREA \u00ceN LICEU 2021<\/a><\/li>\r\n<li><a href=\"\/wp-content\/uploads\/2021\/05\/ADMITEREA_V_A_2021.pdf\">REGULAMENT DE DESF\u0102\u0218URARE A PROBELOR DE APTITUDINI &#8211; ARTE PLASTICE &#8211; CLASA A V-A<\/a><\/li>\r\n<li><a href=\"\/wp-content\/uploads\/2021\/05\/CERERE_ADMITERE_V_2021.docx\">MODEL CERERE PENTRU ADMITEREA \u00ceN CLASA A V-A<\/a><\/li>\r\n<li><a href=\"\/wp-content\/uploads\/2021\/05\/PROBE_APT_MUZICA_CLASA_a_I-a__2021.pdf\">DESF\u0102\u0218URAREA PROBELOR DE APTITUDINI \u00ceN CLASA A I-A SPECIALIZAREA MUZIC\u0102 PT. ANUL \u0218COLAR 2021-2022<\/a><\/li>\r\n<li><a href=\"\/wp-content\/uploads\/2021\/05\/PROBE_APT_MUZIC\u0102_CLASA_a_V-a_2021.pdf\">DESF\u0102\u0218URAREA PROBELOR DE APTITUDINI &#8211; MUZIC\u0102 &#8211; CLASA A V-A, A EXAMENULUI DE DIFEREN\u021aE \u00ceN CLASA A VI-A, PT. ANUL \u0218COLAR 2021-2022<\/a><\/li>\r\n<li><a href=\"\/wp-content\/uploads\/2021\/05\/PROBE_APTITUDINI_MUZ_IX__RO_2021.pdf\">DESF\u0102\u0218URAREA PROBELOR DE APTITUDINI- specializarea MUZIC\u0102 PENTRU ADMITEREA \u00ceN CLASA A IX-A LA LICEUL VOCA\u021aIONAL DE ART\u0102 &#8211; SEC\u021aIA ROM\u00c2N\u0102 \u0218I MAGHIAR\u0102<\/a><\/li>\r\n<li><a href=\"\/wp-content\/uploads\/2021\/05\/Probe_de_apt_art_act_IX__RO__2021.pdf\">DESF\u0102\u0218URAREA PROBELOR DE APTITUDINI- specializarea ARTA ACTORULUI PENTRU ADMITEREA \u00ceN CLASA A IX-A la LICEUL VOCA\u021aIONAL DE ART\u0102 TG. MURE\u0218 &#8211; SEC\u021aIA ROM\u00c2N\u0102 \u0218I MAGHIAR\u0102<\/a><\/li>\r\n<li><a href=\"\/wp-content\/uploads\/2021\/05\/admitere_ARTE_PL_ARH__9__2021.pdf\">DESF\u0102\u0218URAREA PROBELOR DE APTITUDINI PENTRU ADMITEREA \u00ceN CLASA A IX-A ARTE PLASTICE \u0218I ARHITECTUR\u0102 LICEUL VOCA\u021aIONAL DE ART\u0102 TG. MURE\u0218 &#8211; SEC\u021aIA ROM\u00c2N\u0102 \u0218I MAGHIAR\u0102<\/a><\/li>\r\n<li><a href=\"http:\/\/www.liceuldeartams.ro\/wp-content\/uploads\/2021\/05\/Declaratie-pe-propria-raspundere.pdf\">Declaratie pe propria r\u0103spundere (pt. documente transmise prin mijloace electronice de comunicare)<\/a><\/li>\r\n<li><a href=\"http:\/\/www.liceuldeartams.ro\/wp-content\/uploads\/2021\/06\/DECLARATIE_Atesta_inregistrare_Candidat.pdf\">Declaratie pe propria r\u0103spundere &#8211; semnat\u0103 de candidat \u0219i de p\u0103rinte\/reprezentant legal, care s\u0103 ateste c\u0103 \u00eenregistrarea audio-video transmis\u0103 \u00een format digital apar\u021bine candidatului<\/a><\/li>\r\n<\/ul>\r\n<p>&nbsp;<\/p>\r\n<hr>\r\n<h4><u>CALENDARUL ADMITERII PENTRU ANUL \u0218COLAR 2020-2021<\/u><\/h4>\r\n<ul>\r\n<li><a href=\"https:\/\/www.edums.ro\/admitere2020.php\">INFORMA\u021aII PENTRU ADMITEREA \u00ceN LICEU 2020<\/a><\/li>\r\n<\/ul>\r\n<hr>\r\n<ul>\r\n<li><a href=\"\/wp-content\/uploads\/2019\/03\/GRAFICUL_PROBELOR_DE_APTITUDINI_PENTRU_ANUL_\u0218COLAR__2019_2020.pdf\">GRAFICUL PROBELOR DE APTITUDINI PENTRU ANUL \u0218COLAR 2019-2020<\/a><\/li>\r\n<\/ul>\r\n<ul>\r\n<li><a href=\"\/wp-content\/uploads\/2019\/02\/GRAFICUL_PREG\u0102TIRILOR_GRATUITE_PENTRU_PROBELE_DE_APTITUDINI.pdf\">GRAFICUL PREG\u0102TIRILOR GRATUITE PENTRU PROBELE DE APTITUDINI<\/a><\/li>\r\n<\/ul>\r\n<hr>\r\n<ul>\r\n<li><a href=\"\/wp-content\/uploads\/2019\/02\/Calendar_clasa_pregatitoare_2019.pdf\">Calendarul activit\u0103\u0163ilor pentru \u00eenscrierea \u00een clasa preg\u0103titoare an \u015fcolar 2019-2020<\/a><\/li>\r\n<\/ul>\r\n<hr>\r\n<ul>\r\n<li><a href=\"\/wp-content\/uploads\/2019\/01\/Grafic_sustinere_examene_de_diferente_sesiunea_Ian_2019.pdf\">GRAFIC SUS\u021aINERE EXAMENE DE DIFEREN\u021aE SESIUNEA &#8211; Ianuarie 2019<\/a><\/li>\r\n<\/ul>\r\n<hr>\r\n<h4><u>CALENDARUL ADMITERII PENTRU ANUL \u0218COLAR 2018-2019 &#8211; ETAPA a II-a<\/u><\/h4>\r\n<ul>\r\n<li><a href=\"\/wp-content\/uploads\/2018\/07\/tabel_admitere_septembrie_2018.pdf\">CALENDARUL ADMITERII \u00ceN CLASA a IX-a &#8211; ETAPA a II-a &#038; CALENDARUL EXAMENELOR DE ADMITERE \u0219i DIFEREN\u021a\u0102 PT. ANUL \u0218COLAR 2018- 2019 PT. CICLUL GIMNAZIAL &#8211; ETAPA a II-a<\/a><\/li>\r\n<li><a href=\"\/wp-content\/uploads\/2018\/07\/Ex_dif_2018_sept_AP_si_ARH.pdf\">CALENDAR &#8211; Examen de diferen\u021b\u0103\u2013ciclul liceal &#8211; CATEDRA DE ARTE PLASTICE \u0218I ARHITECTUR\u0102<\/a><\/li>\r\n<li><a href=\"\/wp-content\/uploads\/2018\/07\/Ex_dif_2018_septembrie_Arta_Act.pdf\">CALENDAR &#8211; Examen de diferen\u021b\u0103\u2013ciclul liceal, clasele X-XI &#8211; CATEDRA DE ARTA ACTORULUI<\/a><br>\r\n<hr>\r\n<p><a href=\"\/wp-content\/uploads\/2018\/05\/admitere_V_PROBE_APTIT_2018.pdf\"><b>DESF\u0102\u0218URAREA PROBELOR DE APTITUDINI \u00ceN CLASA A V-A, A EXAMENULUI DE DIFEREN\u021aE \u00ceN CLASELE A VI-A, VII-A \u0218I A VIII-A \u2013 ANUL \u0218COLAR 2018-2019<\/b><\/a><\/p>\r\n<hr>\r\n<p><a href=\"\/wp-content\/uploads\/2018\/04\/admitere_IX_PROBE_APTITUDINI__2018.pdf\"><b>DESF\u0102\u0218URAREA PROBELOR DE APTITUDINI PENTRU ADMITEREA \u00ceN CLASA A IX-A \u2013 ANUL \u0218COLAR 2018-2019<\/b><\/a><\/p>\r\n<hr>\r\n<p><a href=\"\/wp-content\/uploads\/2018\/03\/GRAFICUL_PROBELOR_DE_APTITUDINI_2018-2019.pdf\"><b>GRAFICUL PROBELOR DE APTITUDINI &#8211; ANUL \u0218COLAR 2018-2019<\/b><\/a><\/p>\r\n<hr>\r\n<p><a href=\"\/wp-content\/uploads\/2018\/02\/Calendarul-clasa-preg-2018.pdf\"><b>Calendarul activit\u0103\u0163ilor pentru \u00eenscrierea \u00een clasa preg\u0103titoare an \u015fcolar 2018-2019<\/b><\/a><\/p>\r\n<hr>\r\n<p><a href=\"\/wp-content\/uploads\/2018\/02\/GRAFICUL_Pregatirilor_V_IX.pdf\"><b>GRAFICUL PREG\u0102TIRILOR GRATUITE PENTRU PROBELE DE APTITUDINI &#8211; ANUL \u0218COLAR 2018-2019<\/b><\/a><\/p>\r\n<hr><\/li>\r\n<\/ul>\r\n\r\n\r\n\r\n<p><\/p>\r\n","protected":false},"excerpt":{"rendered":"<p>CALENDARUL ADMITERII DATA: 21.04.2026 METODOLOGIA DE ORGANIZARE \u015eI DESF\u0102\u015eURARE \u015eI STRUCTURA PROBELOR DE APTITUDINI PENTRU ADMITEREA \u00ceN LICEELE VOCA\u021aIONALE &#8211; PROFIL ARTISTIC &#8211; ARTE VIZUALE DATA: 16.06.2025 CALENDAR ADMITERE GIMNAZIU \/ LICEU &#8211; IUNIE 2025 DATA: 16.04.2025 \u00cen aten\u021bia directorilor unit\u0103\u021bilor de \u00eenv\u0103\u021b\u0103m\u00e2nt \u0219i a dirigin\u021bilor claselor a VIII-a &#8211; Calendarul probelor de aptitudini \u0219i&#8230;<\/p>\n","protected":false},"author":3,"featured_media":0,"parent":0,"menu_order":0,"comment_status":"closed","ping_status":"closed","template":"","meta":{"footnotes":""},"class_list":["post-2667","page","type-page","status-publish","hentry"],"_links":{"self":[{"href":"http:\/\/www.liceuldeartams.ro\/hu\/wp-json\/wp\/v2\/pages\/2667","targetHints":{"allow":["GET"]}}],"collection":[{"href":"http:\/\/www.liceuldeartams.ro\/hu\/wp-json\/wp\/v2\/pages"}],"about":[{"href":"http:\/\/www.liceuldeartams.ro\/hu\/wp-json\/wp\/v2\/types\/page"}],"author":[{"embeddable":true,"href":"http:\/\/www.liceuldeartams.ro\/hu\/wp-json\/wp\/v2\/users\/3"}],"replies":[{"embeddable":true,"href":"http:\/\/www.liceuldeartams.ro\/hu\/wp-json\/wp\/v2\/comments?post=2667"}],"version-history":[{"count":101,"href":"http:\/\/www.liceuldeartams.ro\/hu\/wp-json\/wp\/v2\/pages\/2667\/revisions"}],"predecessor-version":[{"id":12539,"href":"http:\/\/www.liceuldeartams.ro\/hu\/wp-json\/wp\/v2\/pages\/2667\/revisions\/12539"}],"wp:attachment":[{"href":"http:\/\/www.liceuldeartams.ro\/hu\/wp-json\/wp\/v2\/media?parent=2667"}],"curies":[{"name":"wp","href":"https:\/\/api.w.org\/{rel}","templated":true}]}}